{"id":4938,"date":"2021-01-29T13:19:10","date_gmt":"2021-01-29T12:19:10","guid":{"rendered":"https:\/\/www.d-kart.de\/?page_id=4938"},"modified":"2021-01-29T13:19:11","modified_gmt":"2021-01-29T12:19:11","slug":"start","status":"publish","type":"page","link":"https:\/\/www.d-kart.de\/en\/start\/","title":{"rendered":"Start"},"content":{"rendered":"      <div id=\"post-grid-lazy-4909\" class=\"post-grid-lazy\"><img decoding=\"async\" alt=\"\" src=\"\" \/><\/div>\n    <script>\n      jQuery('#post-grid-lazy-4909').ready(function($) {\n        $('#post-grid-lazy-4909').fadeOut();\n        $('#post-grid-4909   ').fadeIn();\n      })\n    <\/script>\n    <style type=\"text\/css\">\n      #post-grid-4909 {\n        display: none;\n      }\n\n      .post-grid-lazy {\n        text-align: center;\n      }\n    <\/style>\n    <div data-options='{&quot;id&quot;:&quot;4909&quot;,&quot;lazy_load&quot;:&quot;yes&quot;,&quot;masonry_enable&quot;:&quot;no&quot;,&quot;view_type&quot;:&quot;grid&quot;}' id=\"post-grid-4909\" class=\"post-grid grid\">\n        <div class=\"grid-items\">\n      <div class=\"item item-11415 skin flat even 0 \">\n        <div class=\"layer-wrapper layout-\">\n        <div class=\"layer-media\"><a href=\"https:\/\/www.d-kart.de\/en\/blog\/2026\/03\/16\/conference-debriefing-49-ikk2026-international-competition-conference\/\"><img decoding=\"async\" alt=\"Andreas Mundt at the IKK2026\" src=\"https:\/\/www.d-kart.de\/wp-content\/uploads\/2026\/03\/IKK-Mundt-2-1024x683.jpg\" \/><\/a><\/div>\n  <div class=\"layer-content\">\n        <div class=\"element element_0  title \">\n                    <a target=\"\"\n                href=\"https:\/\/www.d-kart.de\/en\/blog\/2026\/03\/16\/conference-debriefing-49-ikk2026-international-competition-conference\/\">Conference Debriefing (49): IKK2026 \u2013 International Competition Conference<\/a>\n            <\/div>\n    <div class=\"element element_1  excerpt \">\n        Lufthansa on strike, international aviation restricted, petrol prices sky-rocketing: The business community tried a lot to keep the competition community            <\/div>\n            <a class=\"element element_2  read_more \"\n            target=\"\"\n            href=\"https:\/\/www.d-kart.de\/en\/blog\/2026\/03\/16\/conference-debriefing-49-ikk2026-international-competition-conference\/\"><\/a>\n      <\/div>\n    <\/div>\n  <\/div><div class=\"item item-11331 skin flat odd 1 \">\n        <div class=\"layer-wrapper layout-\">\n        <div class=\"layer-media\"><a href=\"https:\/\/www.d-kart.de\/en\/blog\/2026\/01\/26\/conference-debriefing-48-eu-competition-conference-2026\/\"><img decoding=\"async\" alt=\"\" src=\"https:\/\/www.d-kart.de\/wp-content\/uploads\/2026\/01\/CMS_Conf26_1-1024x768.jpg\" \/><\/a><\/div>\n  <div class=\"layer-content\">\n        <div class=\"element element_0  title \">\n                    <a target=\"\"\n                href=\"https:\/\/www.d-kart.de\/en\/blog\/2026\/01\/26\/conference-debriefing-48-eu-competition-conference-2026\/\">{:de}Conference Debriefing (48): EU Competition Conference 2026{:}{:en}Conference Debriefing (48): EU Competition Conference 2026{:}<\/a>\n            <\/div>\n    <div class=\"element element_1  excerpt \">\n        {:de} Wer am 20. Januar 2026 nach Br\u00fcssel pilgerte, hatte nicht Waffeln im Sinn, sondern Wettbewerb. Denn es war wieder            <\/div>\n            <a class=\"element element_2  read_more \"\n            target=\"\"\n            href=\"https:\/\/www.d-kart.de\/en\/blog\/2026\/01\/26\/conference-debriefing-48-eu-competition-conference-2026\/\"><\/a>\n      <\/div>\n    <\/div>\n  <\/div><div class=\"item item-11250 skin flat even 2 \">\n        <div class=\"layer-wrapper layout-\">\n        <div class=\"layer-media\"><a href=\"https:\/\/www.d-kart.de\/en\/blog\/2026\/01\/05\/kartellrecht-in-konfliktfaellen-2025-highlights-jenseits-der-follow-on-klassiker\/\"><img decoding=\"async\" alt=\"\" src=\"https:\/\/www.d-kart.de\/wp-content\/uploads\/2026\/01\/long-ma-HsZmwr8MvPk-unsplash-1024x683.jpg\" \/><\/a><\/div>\n  <div class=\"layer-content\">\n        <div class=\"element element_0  title \">\n                    <a target=\"\"\n                href=\"https:\/\/www.d-kart.de\/en\/blog\/2026\/01\/05\/kartellrecht-in-konfliktfaellen-2025-highlights-jenseits-der-follow-on-klassiker\/\">{:de}Kartellrecht in Konfliktf\u00e4llen 2025 \u2013 Highlights jenseits der Follow-on-Klassiker{:}{:en}Competition law in conflict cases 2025 \u2013 highlights beyond the classic follow-on...<\/a>\n            <\/div>\n    <div class=\"element element_1  excerpt \">\n        {:de} Das Jahr 2025 hatte f\u00fcr die private Kartellrechtsdurchsetzung einiges zu bieten, insbesondere in klassischen Follow-on-Verfahren. Zum Jahresende setzten das            <\/div>\n            <a class=\"element element_2  read_more \"\n            target=\"\"\n            href=\"https:\/\/www.d-kart.de\/en\/blog\/2026\/01\/05\/kartellrecht-in-konfliktfaellen-2025-highlights-jenseits-der-follow-on-klassiker\/\"><\/a>\n      <\/div>\n    <\/div>\n  <\/div><div class=\"item item-10965 skin flat odd 3 \">\n        <div class=\"layer-wrapper layout-\">\n        <div class=\"layer-media\"><a href=\"https:\/\/www.d-kart.de\/en\/blog\/2025\/12\/15\/antitrust-advent-calendar-2025\/\"><img decoding=\"async\" alt=\"\" src=\"https:\/\/www.d-kart.de\/wp-content\/uploads\/2025\/11\/Disszember.png\" \/><\/a><\/div>\n  <div class=\"layer-content\">\n        <div class=\"element element_0  title \">\n                    <a target=\"\"\n                href=\"https:\/\/www.d-kart.de\/en\/blog\/2025\/12\/15\/antitrust-advent-calendar-2025\/\">Adventskalender 2025<\/a>\n            <\/div>\n    <div class=\"element element_1  excerpt \">\n        {:de}Das gro\u00dfe Kartellschadensersatz-Spektakel in M\u00fcnchen-Riem ist vor\u00fcber, die letzten Fusionen sind angemeldet, die Studienvereinigung ruft nach Bonn, und Studierende denken            <\/div>\n            <a class=\"element element_2  read_more \"\n            target=\"\"\n            href=\"https:\/\/www.d-kart.de\/en\/blog\/2025\/12\/15\/antitrust-advent-calendar-2025\/\"><\/a>\n      <\/div>\n    <\/div>\n  <\/div><div class=\"item item-11101 skin flat even 4 \">\n        <div class=\"layer-wrapper layout-\">\n        <div class=\"layer-media\"><a href=\"https:\/\/www.d-kart.de\/en\/blog\/2025\/12\/08\/conference-debriefing-47-studienvereinigung-kartellrecht-2025\/\"><img decoding=\"async\" alt=\"\" src=\"https:\/\/www.d-kart.de\/wp-content\/uploads\/2025\/12\/StV25_Foto5_Pan-1-1024x768.jpeg\" \/><\/a><\/div>\n  <div class=\"layer-content\">\n        <div class=\"element element_0  title \">\n                    <a target=\"\"\n                href=\"https:\/\/www.d-kart.de\/en\/blog\/2025\/12\/08\/conference-debriefing-47-studienvereinigung-kartellrecht-2025\/\">{:de}Conference Debriefing (47): 60 Jahre Studienvereinigung Kartellrecht{:}{:en}Conference Debriefing (47): 60 years of the German Competition Lawyers Association{:}<\/a>\n            <\/div>\n    <div class=\"element element_1  excerpt \">\n        {:de} Das j\u00e4hrliche Treffen der Studienvereinigung Kartellrecht in Bonn war in diesem Jahr aus drei Gr\u00fcnden besonders: Erstens wurde der            <\/div>\n            <a class=\"element element_2  read_more \"\n            target=\"\"\n            href=\"https:\/\/www.d-kart.de\/en\/blog\/2025\/12\/08\/conference-debriefing-47-studienvereinigung-kartellrecht-2025\/\"><\/a>\n      <\/div>\n    <\/div>\n  <\/div><div class=\"item item-11053 skin flat odd 5 \">\n        <div class=\"layer-wrapper layout-\">\n        <div class=\"layer-media\"><a href=\"https:\/\/www.d-kart.de\/en\/blog\/2025\/12\/05\/tchibo-gegen-aldi-sued-kaffeepreise-vor-gericht\/\"><img decoding=\"async\" alt=\"\" src=\"https:\/\/www.d-kart.de\/wp-content\/uploads\/2025\/12\/IMG_8354-cut-1024x633.jpg\" \/><\/a><\/div>\n  <div class=\"layer-content\">\n        <div class=\"element element_0  title \">\n                    <a target=\"\"\n                href=\"https:\/\/www.d-kart.de\/en\/blog\/2025\/12\/05\/tchibo-gegen-aldi-sued-kaffeepreise-vor-gericht\/\">{:de}Tchibo gegen Aldi-S\u00fcd: Kaffeepreise vor Gericht{:}{:en}Tchibo vs. Aldi-S\u00fcd: Coffee Prices in Court{:}<\/a>\n            <\/div>\n    <div class=\"element element_1  excerpt \">\n        {:de} Darf der Lebensmitteleinzelhandel Produkte unter den Herstellungskosten anbieten? Diese Frage wurde Dienstag vor dem Oberlandesgericht D\u00fcsseldorf im Verfahren Tchibo            <\/div>\n            <a class=\"element element_2  read_more \"\n            target=\"\"\n            href=\"https:\/\/www.d-kart.de\/en\/blog\/2025\/12\/05\/tchibo-gegen-aldi-sued-kaffeepreise-vor-gericht\/\"><\/a>\n      <\/div>\n    <\/div>\n  <\/div><div class=\"item item-10640 skin flat even 6 \">\n        <div class=\"layer-wrapper layout-\">\n        <div class=\"layer-media\"><a href=\"https:\/\/www.d-kart.de\/en\/blog\/2025\/09\/24\/die-verjaehrungsausloesende-kenntnis-im-kartellschadensersatzrecht\/\"><img decoding=\"async\" alt=\"\" src=\"https:\/\/www.d-kart.de\/wp-content\/uploads\/2025\/09\/Foto-Gerichtshof-der-Europaeischen-Union-1024x683.jpg\" \/><\/a><\/div>\n  <div class=\"layer-content\">\n        <div class=\"element element_0  title \">\n                    <a target=\"\"\n                href=\"https:\/\/www.d-kart.de\/en\/blog\/2025\/09\/24\/die-verjaehrungsausloesende-kenntnis-im-kartellschadensersatzrecht\/\">{:de}Die verj\u00e4hrungsausl\u00f6sende Kenntnis im Kartellschadensersatzrecht{:}{:en}Die verj\u00e4hrungsausl\u00f6sende Kenntnis im Kartellschadensersatzrecht{:}<\/a>\n            <\/div>\n    <div class=\"element element_1  excerpt \">\n        {:de} In der Rechtssache Nissan Iberia (Rs. C-21\/24 - ECLI:EU:C:2025:659) hat sich die Frage gestellt, welche Vorgaben sich aus dem            <\/div>\n            <a class=\"element element_2  read_more \"\n            target=\"\"\n            href=\"https:\/\/www.d-kart.de\/en\/blog\/2025\/09\/24\/die-verjaehrungsausloesende-kenntnis-im-kartellschadensersatzrecht\/\"><\/a>\n      <\/div>\n    <\/div>\n  <\/div><div class=\"item item-10539 skin flat odd 7 \">\n        <div class=\"layer-wrapper layout-\">\n        <div class=\"layer-media\"><a href=\"https:\/\/www.d-kart.de\/en\/blog\/2025\/09\/05\/conference-debriefing-46-8-offenes-doktorandenseminar\/\"><img decoding=\"async\" alt=\"\" src=\"https:\/\/www.d-kart.de\/wp-content\/uploads\/2025\/09\/Gruppenbild-1024x769.jpeg\" \/><\/a><\/div>\n  <div class=\"layer-content\">\n        <div class=\"element element_0  title \">\n                    <a target=\"\"\n                href=\"https:\/\/www.d-kart.de\/en\/blog\/2025\/09\/05\/conference-debriefing-46-8-offenes-doktorandenseminar\/\">Conference Debriefing (46): 8. Offenes Doktorandenseminar<\/a>\n            <\/div>\n    <div class=\"element element_1  excerpt \">\n        Obwohl sich der Sandstein der Fassade schon langsam abk\u00fchlt, ging es am 1. und 2. September 2025 im Haus der            <\/div>\n            <a class=\"element element_2  read_more \"\n            target=\"\"\n            href=\"https:\/\/www.d-kart.de\/en\/blog\/2025\/09\/05\/conference-debriefing-46-8-offenes-doktorandenseminar\/\"><\/a>\n      <\/div>\n    <\/div>\n  <\/div><div class=\"item item-10488 skin flat even 8 \">\n        <div class=\"layer-wrapper layout-\">\n        <div class=\"layer-media\"><a href=\"https:\/\/www.d-kart.de\/en\/blog\/2025\/06\/23\/einladung-zum-8-offenen-duesseldorfer-doktorandenseminar-im-kartellrecht\/\"><img decoding=\"async\" alt=\"\" src=\"https:\/\/www.d-kart.de\/wp-content\/uploads\/2025\/06\/Beitragsfoto-Doktorandenseminar-1024x768.jpeg\" \/><\/a><\/div>\n  <div class=\"layer-content\">\n        <div class=\"element element_0  title \">\n                    <a target=\"\"\n                href=\"https:\/\/www.d-kart.de\/en\/blog\/2025\/06\/23\/einladung-zum-8-offenen-duesseldorfer-doktorandenseminar-im-kartellrecht\/\">Einladung zum 8. Offenen D\u00fcsseldorfer Doktorandenseminar im Kartellrecht!<\/a>\n            <\/div>\n    <div class=\"element element_1  excerpt \">\n        Am 1. und 2. September 2025 bietet das D\u00fcsseldorfer Institut f\u00fcr Kartellrecht wieder allen Nachwuchsforscherinnen und -forschern im Kartellrecht und            <\/div>\n            <a class=\"element element_2  read_more \"\n            target=\"\"\n            href=\"https:\/\/www.d-kart.de\/en\/blog\/2025\/06\/23\/einladung-zum-8-offenen-duesseldorfer-doktorandenseminar-im-kartellrecht\/\"><\/a>\n      <\/div>\n    <\/div>\n  <\/div>    <\/div>\n    <div class=\"pagination\">\n      <div class=\"paginate\">\n    <span aria-current=\"page\" class=\"page-numbers current\">1<\/span>\n<a class=\"page-numbers\" href=\"https:\/\/www.d-kart.de\/en\/wp-json\/wp\/v2\/pages\/4938\/page\/2\/\">2<\/a>\n<a class=\"page-numbers\" href=\"https:\/\/www.d-kart.de\/en\/wp-json\/wp\/v2\/pages\/4938\/page\/3\/\">3<\/a>\n<span class=\"page-numbers dots\">&hellip;<\/span>\n<a class=\"page-numbers\" href=\"https:\/\/www.d-kart.de\/en\/wp-json\/wp\/v2\/pages\/4938\/page\/32\/\">32<\/a>\n<a class=\"next page-numbers\" href=\"https:\/\/www.d-kart.de\/en\/wp-json\/wp\/v2\/pages\/4938\/page\/2\/\">Next \u00bb<\/a>  <\/div>\n  <style type=\"text\/css\">\n    #post-grid-4909 .pagination .page-numbers {\n      font-size: 16px;\n      color: #ffffff;\n      background: #646464;\n    }\n\n    #post-grid-4909 .pagination .page-numbers:hover,\n    #post-grid-4909 .pagination .page-numbers.current {\n      background: #4b4b4b;\n    }\n  <\/style>\n  <\/div>\n      <script>\n          <\/script>\n    <style type=\"text\/css\">\n    #post-grid-4909 .element_0 {\n      display: block;font-size: 21px;line-height: normal;padding: 5px 10px;text-align: left;    }\n\n    #post-grid-4909 .element_1 {\n      display: block;font-size: 12px;padding: 5px 10px;text-align: left;    }\n\n    #post-grid-4909 .element_2 {\n      display: block;font-size: 12px;font-weight: bold;padding: 0 10px;text-align: left;    }\n\n    #post-grid-4909 .element_0:hover{}#post-grid-4909 .element_1:hover{}#post-grid-4909 .element_2:hover{}  <\/style>\n  <style type=\"text\/css\">\n    #post-grid-4909 {\n      padding: 10px;\n          }\n\n    #post-grid-4909 .item {\n      padding: 0px;\n      background: #fff;\n          }\n\n    #post-grid-4909 .item .layer-media {\n      height:auto;    }\n\n    @media only screen and (min-width: 0px) and (max-width: 767px) {\n      #post-grid-4909 .grid-items {\n        text-align: center;\n              }\n\n      #post-grid-4909 .item {\n        width: 90%;\n        margin: 10px;\n        display: inline-block;\n        vertical-align: top;\n        height:auto;      }\n    }\n\n    @media only screen and (min-width: 768px) and (max-width: 1023px) {\n      #post-grid-4909 .grid-items {\n        text-align: center;\n              }\n\n      #post-grid-4909 .item {\n        width: 200px;\n        margin: 10px;\n        display: inline-block;\n        vertical-align: top;\n        max-height:auto;      }\n    }\n\n    @media only screen and (min-width: 1024px) {\n      #post-grid-4909 .grid-items {\n        text-align: center;\n              }\n\n      #post-grid-4909 .item {\n        width: 200px;\n        display: inline-block;\n        margin: 10px;\n        vertical-align: top;\n        height:auto;      }\n    }\n\n      <\/style>\n  <\/div>\n\n","protected":false},"excerpt":{"rendered":"","protected":false},"author":9,"featured_media":0,"parent":0,"menu_order":0,"comment_status":"closed","ping_status":"closed","template":"","meta":{"footnotes":""},"class_list":["post-4938","page","type-page","status-publish","hentry"],"translation":{"provider":"WPGlobus","version":"3.0.0","language":"en","enabled_languages":["de","en"],"languages":{"de":{"title":true,"content":true,"excerpt":false},"en":{"title":true,"content":true,"excerpt":false}}},"_links":{"self":[{"href":"https:\/\/www.d-kart.de\/en\/wp-json\/wp\/v2\/pages\/4938","targetHints":{"allow":["GET"]}}],"collection":[{"href":"https:\/\/www.d-kart.de\/en\/wp-json\/wp\/v2\/pages"}],"about":[{"href":"https:\/\/www.d-kart.de\/en\/wp-json\/wp\/v2\/types\/page"}],"author":[{"embeddable":true,"href":"https:\/\/www.d-kart.de\/en\/wp-json\/wp\/v2\/users\/9"}],"replies":[{"embeddable":true,"href":"https:\/\/www.d-kart.de\/en\/wp-json\/wp\/v2\/comments?post=4938"}],"version-history":[{"count":2,"href":"https:\/\/www.d-kart.de\/en\/wp-json\/wp\/v2\/pages\/4938\/revisions"}],"predecessor-version":[{"id":4940,"href":"https:\/\/www.d-kart.de\/en\/wp-json\/wp\/v2\/pages\/4938\/revisions\/4940"}],"wp:attachment":[{"href":"https:\/\/www.d-kart.de\/en\/wp-json\/wp\/v2\/media?parent=4938"}],"curies":[{"name":"wp","href":"https:\/\/api.w.org\/{rel}","templated":true}]}}